{"id":1039,"date":"2018-12-23T19:49:03","date_gmt":"2018-12-23T19:49:03","guid":{"rendered":"http:\/\/kruczekrakanie.pl\/?page_id=1039"},"modified":"2019-04-14T09:18:22","modified_gmt":"2019-04-14T09:18:22","slug":"pod-zielonym-jajem-2013","status":"publish","type":"page","link":"https:\/\/kruczekrakanie.pl\/index.php\/wycieczki\/pod-zielonym-jajem-2013\/","title":{"rendered":"Pod Zielonym Jajem 2013"},"content":{"rendered":"\n<p class=\"wp-block-paragraph\">Wakacje 2013 r. to pierwsza nasza wizyta na Dolnym \u015al\u0105sku. Zatrzymali\u015bmy si\u0119 w bardzo fajnym zaje\u017adzie, maj\u0105cym super sympatycznego w\u0142a\u015bciciela &#8211; <a rel=\"noreferrer noopener\" aria-label=\"Pod Zielonym Jajem (opens in a new tab)\" href=\"https:\/\/podzielonymjajem.pl\/\" target=\"_blank\">Pod Zielonym Jajem<\/a>. Lokal po\u0142o\u017cony jest w okolicy Lw\u00f3wka \u015al\u0105skiego. Mo\u017cna stamt\u0105d dojecha\u0107 do wielu ciekawych miejsc &#8211; okolicznych zamk\u00f3w, ko\u015bcio\u0142\u00f3w. W odleg\u0142o\u015bci kilkunastu, czy kilkudziesi\u0119ciu kilometr\u00f3w s\u0105 te\u017c fajne szlaki piesze. Wi\u0119c po kolei.<\/p>\n\n\n\n<p class=\"wp-block-paragraph\">Na miejscu wita w\u0142a\u015bciciel (nie ma na poni\u017cszym zdj\u0119ciu), jego auto (jest na poni\u017cszym zdj\u0119ciu) oraz jego kot (kot te\u017c jest na zdj\u0119ciu). Kot ma zreszt\u0105 nieco inne zdanie na temat w\u0142a\u015bcicielstwa posesji i mieszkaj\u0105cych tam ludzi&#8230;<\/p>\n\n\n\n<div class=\"wp-block-image\"><figure class=\"aligncenter\"><img loading=\"lazy\" decoding=\"async\" width=\"681\" height=\"1024\" src=\"https:\/\/kruczekrakanie.pl\/wp-content\/uploads\/2018\/12\/SG205054-1-681x1024.jpg\" alt=\"\" class=\"wp-image-1048\" srcset=\"https:\/\/kruczekrakanie.pl\/wp-content\/uploads\/2018\/12\/SG205054-1-681x1024.jpg 681w, https:\/\/kruczekrakanie.pl\/wp-content\/uploads\/2018\/12\/SG205054-1-199x300.jpg 199w, https:\/\/kruczekrakanie.pl\/wp-content\/uploads\/2018\/12\/SG205054-1-768x1156.jpg 768w, https:\/\/kruczekrakanie.pl\/wp-content\/uploads\/2018\/12\/SG205054-1.jpg 1361w\" sizes=\"auto, (max-width: 681px) 100vw, 681px\" \/><\/figure><\/div>\n\n\n\n<p class=\"wp-block-paragraph\">W czasie kilkudniowego pobytu poje\u017adzili\u015bmy troch\u0119 bocznymi drogami, podziwiaj\u0105c widoki.<\/p>\n\n\n\n<div class=\"wp-block-image\"><figure class=\"aligncenter\"><img loading=\"lazy\" decoding=\"async\" width=\"1024\" height=\"681\" src=\"https:\/\/kruczekrakanie.pl\/wp-content\/uploads\/2018\/12\/SG205013-1024x681.jpg\" alt=\"\" class=\"wp-image-1047\" srcset=\"https:\/\/kruczekrakanie.pl\/wp-content\/uploads\/2018\/12\/SG205013-1024x681.jpg 1024w, https:\/\/kruczekrakanie.pl\/wp-content\/uploads\/2018\/12\/SG205013-300x199.jpg 300w, https:\/\/kruczekrakanie.pl\/wp-content\/uploads\/2018\/12\/SG205013-768x510.jpg 768w, https:\/\/kruczekrakanie.pl\/wp-content\/uploads\/2018\/12\/SG205013.jpg 2048w\" sizes=\"auto, (max-width: 767px) 89vw, (max-width: 1000px) 54vw, (max-width: 1071px) 543px, 580px\" \/><\/figure><\/div>\n\n\n\n<p class=\"wp-block-paragraph\">Byli\u015bmy w Zamku Czocha i Zamku Grodziec. Poni\u017cej Zamek Grodziec.<\/p>\n\n\n\n<div class=\"wp-block-image\"><figure class=\"aligncenter\"><img loading=\"lazy\" decoding=\"async\" width=\"681\" height=\"1024\" src=\"https:\/\/kruczekrakanie.pl\/wp-content\/uploads\/2018\/12\/SG205073-681x1024.jpg\" alt=\"\" class=\"wp-image-1049\" srcset=\"https:\/\/kruczekrakanie.pl\/wp-content\/uploads\/2018\/12\/SG205073-681x1024.jpg 681w, https:\/\/kruczekrakanie.pl\/wp-content\/uploads\/2018\/12\/SG205073-199x300.jpg 199w, https:\/\/kruczekrakanie.pl\/wp-content\/uploads\/2018\/12\/SG205073-768x1156.jpg 768w, https:\/\/kruczekrakanie.pl\/wp-content\/uploads\/2018\/12\/SG205073.jpg 1361w\" sizes=\"auto, (max-width: 681px) 100vw, 681px\" \/><\/figure><\/div>\n\n\n\n<p class=\"wp-block-paragraph\">Zwiedzali\u015bmy te\u017c wn\u0119trze zamku. Tajne przej\u015bcia i wie\u017ca. Wie\u017ca nie by\u0142a \u0142atwa, ale &#8222;Dam rad\u0119!&#8221;.<\/p>\n\n\n\n<div class=\"wp-block-image\"><figure class=\"aligncenter\"><img loading=\"lazy\" decoding=\"async\" width=\"1024\" height=\"681\" src=\"https:\/\/kruczekrakanie.pl\/wp-content\/uploads\/2018\/12\/SG205035-1024x681.jpg\" alt=\"\" class=\"wp-image-1044\" srcset=\"https:\/\/kruczekrakanie.pl\/wp-content\/uploads\/2018\/12\/SG205035-1024x681.jpg 1024w, https:\/\/kruczekrakanie.pl\/wp-content\/uploads\/2018\/12\/SG205035-300x199.jpg 300w, https:\/\/kruczekrakanie.pl\/wp-content\/uploads\/2018\/12\/SG205035-768x510.jpg 768w, https:\/\/kruczekrakanie.pl\/wp-content\/uploads\/2018\/12\/SG205035.jpg 2048w\" sizes=\"auto, (max-width: 767px) 89vw, (max-width: 1000px) 54vw, (max-width: 1071px) 543px, 580px\" \/><figcaption>Dam rad\u0119!<\/figcaption><\/figure><\/div>\n\n\n\n<p class=\"wp-block-paragraph\">Pojechali\u015bmy te\u017c w G\u00f3ry Izerskie. Wjechali\u015bmy kolejk\u0105 linow\u0105 na Izerski St\u00f3g. Niekt\u00f3rym podoba\u0142o si\u0119 bardzo, innym mniej \ud83d\ude42<\/p>\n\n\n\n<div class=\"wp-block-image\"><figure class=\"aligncenter\"><img loading=\"lazy\" decoding=\"async\" width=\"1024\" height=\"681\" src=\"https:\/\/kruczekrakanie.pl\/wp-content\/uploads\/2018\/12\/SG205090-1024x681.jpg\" alt=\"\" class=\"wp-image-1043\" srcset=\"https:\/\/kruczekrakanie.pl\/wp-content\/uploads\/2018\/12\/SG205090-1024x681.jpg 1024w, https:\/\/kruczekrakanie.pl\/wp-content\/uploads\/2018\/12\/SG205090-300x199.jpg 300w, https:\/\/kruczekrakanie.pl\/wp-content\/uploads\/2018\/12\/SG205090-768x510.jpg 768w, https:\/\/kruczekrakanie.pl\/wp-content\/uploads\/2018\/12\/SG205090.jpg 2048w\" sizes=\"auto, (max-width: 767px) 89vw, (max-width: 1000px) 54vw, (max-width: 1071px) 543px, 580px\" \/><figcaption>Jedziemy na Izerski St\u00f3g<\/figcaption><\/figure><\/div>\n\n\n\n<div class=\"wp-block-image\"><figure class=\"aligncenter\"><img loading=\"lazy\" decoding=\"async\" width=\"1024\" height=\"681\" src=\"https:\/\/kruczekrakanie.pl\/wp-content\/uploads\/2018\/12\/SG205091-1024x681.jpg\" alt=\"\" class=\"wp-image-1042\" srcset=\"https:\/\/kruczekrakanie.pl\/wp-content\/uploads\/2018\/12\/SG205091-1024x681.jpg 1024w, https:\/\/kruczekrakanie.pl\/wp-content\/uploads\/2018\/12\/SG205091-300x199.jpg 300w, https:\/\/kruczekrakanie.pl\/wp-content\/uploads\/2018\/12\/SG205091-768x510.jpg 768w, https:\/\/kruczekrakanie.pl\/wp-content\/uploads\/2018\/12\/SG205091.jpg 2048w\" sizes=\"auto, (max-width: 767px) 89vw, (max-width: 1000px) 54vw, (max-width: 1071px) 543px, 580px\" \/><\/figure><\/div>\n\n\n\n<p class=\"wp-block-paragraph\">Na g\u00f3rze widoki, \u017ce hej!<\/p>\n\n\n\n<div class=\"wp-block-image\"><figure class=\"aligncenter\"><img loading=\"lazy\" decoding=\"async\" width=\"1024\" height=\"681\" src=\"https:\/\/kruczekrakanie.pl\/wp-content\/uploads\/2018\/12\/SG205095-1024x681.jpg\" alt=\"\" class=\"wp-image-1041\" srcset=\"https:\/\/kruczekrakanie.pl\/wp-content\/uploads\/2018\/12\/SG205095-1024x681.jpg 1024w, https:\/\/kruczekrakanie.pl\/wp-content\/uploads\/2018\/12\/SG205095-300x199.jpg 300w, https:\/\/kruczekrakanie.pl\/wp-content\/uploads\/2018\/12\/SG205095-768x510.jpg 768w, https:\/\/kruczekrakanie.pl\/wp-content\/uploads\/2018\/12\/SG205095.jpg 2048w\" sizes=\"auto, (max-width: 767px) 89vw, (max-width: 1000px) 54vw, (max-width: 1071px) 543px, 580px\" \/><\/figure><\/div>\n\n\n\n<p class=\"wp-block-paragraph\">Z g\u00f3ry na d\u00f3\u0142 ju\u017c na nogach &#8211; kilkukilometrowa wycieczka szlakiem i przez las. A na dole lody.<\/p>\n\n\n\n<div class=\"wp-block-image\"><figure class=\"aligncenter\"><img loading=\"lazy\" decoding=\"async\" width=\"1024\" height=\"681\" src=\"https:\/\/kruczekrakanie.pl\/wp-content\/uploads\/2018\/12\/SG205105-1024x681.jpg\" alt=\"\" class=\"wp-image-1040\" srcset=\"https:\/\/kruczekrakanie.pl\/wp-content\/uploads\/2018\/12\/SG205105-1024x681.jpg 1024w, https:\/\/kruczekrakanie.pl\/wp-content\/uploads\/2018\/12\/SG205105-300x199.jpg 300w, https:\/\/kruczekrakanie.pl\/wp-content\/uploads\/2018\/12\/SG205105-768x510.jpg 768w, https:\/\/kruczekrakanie.pl\/wp-content\/uploads\/2018\/12\/SG205105.jpg 2048w\" sizes=\"auto, (max-width: 767px) 89vw, (max-width: 1000px) 54vw, (max-width: 1071px) 543px, 580px\" \/><\/figure><\/div>\n\n\n\n<hr class=\"wp-block-separator\"\/>\n\n\n\n<p class=\"wp-block-paragraph\" style=\"text-align:center\"><a href=\"https:\/\/photos.app.goo.gl\/E1Zi7JyHqQET3C396\" target=\"_blank\" rel=\"noreferrer noopener\" aria-label=\"Album zdj\u0119\u0107 z wycieczki (opens in a new tab)\">Album zdj\u0119\u0107 z wycieczki<\/a><\/p>\n","protected":false},"excerpt":{"rendered":"<p>Wakacje 2013 r. to pierwsza nasza wizyta na Dolnym \u015al\u0105sku. Zatrzymali\u015bmy si\u0119 w bardzo fajnym zaje\u017adzie, maj\u0105cym super sympatycznego w\u0142a\u015bciciela &#8211; Pod Zielonym Jajem. Lokal po\u0142o\u017cony jest w okolicy Lw\u00f3wka \u015al\u0105skiego. Mo\u017cna stamt\u0105d dojecha\u0107 do wielu ciekawych miejsc &#8211; okolicznych zamk\u00f3w, ko\u015bcio\u0142\u00f3w. W odleg\u0142o\u015bci kilkunastu, czy kilkudziesi\u0119ciu kilometr\u00f3w s\u0105 te\u017c fajne szlaki piesze. Wi\u0119c po &hellip; <\/p>\n<p class=\"link-more\"><a href=\"https:\/\/kruczekrakanie.pl\/index.php\/wycieczki\/pod-zielonym-jajem-2013\/\" class=\"more-link\">Czytaj dalej<span class=\"screen-reader-text\"> \u201ePod Zielonym Jajem 2013\u201d<\/span><\/a><\/p>\n","protected":false},"author":2,"featured_media":1045,"parent":101,"menu_order":0,"comment_status":"closed","ping_status":"closed","template":"","meta":{"_crdt_document":"","ngg_post_thumbnail":0,"footnotes":""},"class_list":["post-1039","page","type-page","status-publish","has-post-thumbnail","hentry"],"_links":{"self":[{"href":"https:\/\/kruczekrakanie.pl\/index.php\/wp-json\/wp\/v2\/pages\/1039","targetHints":{"allow":["GET"]}}],"collection":[{"href":"https:\/\/kruczekrakanie.pl\/index.php\/wp-json\/wp\/v2\/pages"}],"about":[{"href":"https:\/\/kruczekrakanie.pl\/index.php\/wp-json\/wp\/v2\/types\/page"}],"author":[{"embeddable":true,"href":"https:\/\/kruczekrakanie.pl\/index.php\/wp-json\/wp\/v2\/users\/2"}],"replies":[{"embeddable":true,"href":"https:\/\/kruczekrakanie.pl\/index.php\/wp-json\/wp\/v2\/comments?post=1039"}],"version-history":[{"count":2,"href":"https:\/\/kruczekrakanie.pl\/index.php\/wp-json\/wp\/v2\/pages\/1039\/revisions"}],"predecessor-version":[{"id":1209,"href":"https:\/\/kruczekrakanie.pl\/index.php\/wp-json\/wp\/v2\/pages\/1039\/revisions\/1209"}],"up":[{"embeddable":true,"href":"https:\/\/kruczekrakanie.pl\/index.php\/wp-json\/wp\/v2\/pages\/101"}],"wp:featuredmedia":[{"embeddable":true,"href":"https:\/\/kruczekrakanie.pl\/index.php\/wp-json\/wp\/v2\/media\/1045"}],"wp:attachment":[{"href":"https:\/\/kruczekrakanie.pl\/index.php\/wp-json\/wp\/v2\/media?parent=1039"}],"curies":[{"name":"wp","href":"https:\/\/api.w.org\/{rel}","templated":true}]}}